{"id":88,"date":"2011-07-14T13:44:47","date_gmt":"2011-07-14T13:44:47","guid":{"rendered":"http:\/\/videlundvidstrandsnas.strandaker.se\/?page_id=88"},"modified":"2011-07-14T14:01:10","modified_gmt":"2011-07-14T14:01:10","slug":"tjardalen","status":"publish","type":"page","link":"https:\/\/videlundvidstrandsnas.strandaker.se\/?page_id=88","title":{"rendered":"Tj\u00e4rdalen i Videlund"},"content":{"rendered":"<p>Tj\u00e4rdalen byggdes troligen under senare halvan av 1800-talet. Den restaurerades 1920 av Johan Lundstr\u00f6m-Eriksson och var ig\u00e5ng t.o.m 1954.\u00a01992 gjordes en ny restaurering av tj\u00e4rdalen och den minskades ner till ca 1\/5 del av den ursprungliga storleken. Detta arbete utf\u00f6rdes i Videlunds Byag\u00e5rdsf\u00f6renings regi. De flesta av bygdens m\u00e4n deltog, och delade med sig av sin kunskap och erfarenhet. Samtidigt tillverkades en ny tj\u00e4rr\u00e4nna av Roland Hoverberg.<\/p>\n<p><span class=\"Apple-style-span\" style=\"font-size: 12px; color: #000000; font-family: Georgia, 'Times New Roman', 'Bitstream Charter', Times, serif; line-height: 18px;\"><img loading=\"lazy\" decoding=\"async\" class=\"alignnone size-medium wp-image-92\" title=\"tjara5\" src=\"http:\/\/media.videlundvidstrandsnas.strandaker.se\/2011\/07\/tjara5-300x267.jpg\" alt=\"\" width=\"300\" height=\"267\" srcset=\"http:\/\/media.videlundvidstrandsnas.strandaker.se\/2011\/07\/tjara5-300x267.jpg 300w, http:\/\/media.videlundvidstrandsnas.strandaker.se\/2011\/07\/tjara5.jpg 921w\" sizes=\"auto, (max-width: 300px) 100vw, 300px\" \/><\/span><\/p>\n<p>FOTO: VILJO THORNBERG, V\u00e4sterbottens Folkblad<\/p>\n<p><a href=\"http:\/\/media.videlundvidstrandsnas.strandaker.se\/2011\/07\/Tj\u00e4rbr\u00e4nning-2008-064.jpg\"><img loading=\"lazy\" decoding=\"async\" class=\"alignnone size-medium wp-image-89\" title=\"Tj\u00e4rbr\u00e4nning\" src=\"http:\/\/media.videlundvidstrandsnas.strandaker.se\/2011\/07\/Tj\u00e4rbr\u00e4nning-2008-064-300x225.jpg\" alt=\"\" width=\"300\" height=\"225\" srcset=\"http:\/\/media.videlundvidstrandsnas.strandaker.se\/2011\/07\/Tj\u00e4rbr\u00e4nning-2008-064-300x225.jpg 300w, http:\/\/media.videlundvidstrandsnas.strandaker.se\/2011\/07\/Tj\u00e4rbr\u00e4nning-2008-064-1024x768.jpg 1024w\" sizes=\"auto, (max-width: 300px) 100vw, 300px\" \/><\/a><\/p>\n<p><strong>Tj\u00e4rbr\u00e4nningen 2006<\/strong><\/p>\n<p>Medlemmarna i Byag\u00e5rdsf\u00f6reningen har under 2003-2006 f\u00f6rberett tj\u00e4rbr\u00e4nningen och det har kr\u00e4vt stora ideella arbetsinsatser.<\/p>\n<p>R\u00e5materialet, tallstubbarna, har tagits upp (stubbrytning) och sedan k\u00f6rts fram till tj\u00e4rdalen. Under den kalla \u00e5rstiden har stubbarna grovklyvts och under v\u00e5ren har finklyvning \u201dsp\u00f6ning\u201d, till 40-60 cms l\u00e4ngd och ca 5 cm tjock, skett.<\/p>\n<p>Torsdag 2006-07-13 var det \u00e4ntligen dags! M\u00e5nga flinka h\u00e4nder lade tj\u00e4rveden p\u00e5 plats och ett konstverk v\u00e4xte fram. Det hade varit en l\u00e5ng period av torka, men med R\u00e4ddningsverkets till\u00e5telse, t\u00e4ndes tj\u00e4rdalen kl.21.30. Det var en fin, vindstilla kv\u00e4ll och r\u00f6ken steg rakt upp mot skyn och den h\u00e4rliga tj\u00e4rdoften spred sig \u00f6ver nejden!<\/p>\n<p>Tj\u00e4rdalen kv\u00e4vdes p\u00e5 l\u00f6rdagen och det hade runnit ut ca 300 liter prima tj\u00e4ra.<\/p>\n<p>Ett stort antal bes\u00f6kare nj\u00f6t av tj\u00e4rdoft, v\u00e5fflor gr\u00e4ddade p\u00e5 \u00f6ppen eld och trevlig samvaro. Tj\u00e4ran s\u00e5ldes och k\u00f6parnas anv\u00e4ndningsomr\u00e5de varierade. Den skulle anv\u00e4ndas till kl\u00f6vv\u00e5rd, behandling av bens\u00e5r, tj\u00e4ra b\u00e5tar och skidor mm, mm.<\/p>\n<p><strong>Tj\u00e4rbr\u00e4nningen 2008<\/strong><\/p>\n<p>\u00c4ven 2008 br\u00e4ndes det tj\u00e4ra i Videlund, en v\u00e4lbes\u00f6kt tillst\u00e4llning!<\/p>\n<p><a href=\"http:\/\/media.videlundvidstrandsnas.strandaker.se\/2011\/07\/Tj\u00e4rbr\u00e4nning-2008-037.jpg\"><img loading=\"lazy\" decoding=\"async\" class=\"alignnone size-medium wp-image-94\" title=\"Tj\u00e4rbr\u00e4nning 2008 037\" src=\"http:\/\/media.videlundvidstrandsnas.strandaker.se\/2011\/07\/Tj\u00e4rbr\u00e4nning-2008-037-300x225.jpg\" alt=\"\" width=\"300\" height=\"225\" srcset=\"http:\/\/media.videlundvidstrandsnas.strandaker.se\/2011\/07\/Tj\u00e4rbr\u00e4nning-2008-037-300x225.jpg 300w, http:\/\/media.videlundvidstrandsnas.strandaker.se\/2011\/07\/Tj\u00e4rbr\u00e4nning-2008-037-1024x768.jpg 1024w\" sizes=\"auto, (max-width: 300px) 100vw, 300px\" \/><\/a><\/p>\n<p><strong>Tj\u00e4rbr\u00e4nning 2011<\/strong><\/p>\n<p>2011 \u00e4r det dags igen den 14\/7 p\u00e5 kv\u00e4llen t\u00e4nds tj\u00e4rdalen!<\/p>\n<p>&nbsp;<\/p>\n<p><strong>Vill Du veta mera om tj\u00e4rbr\u00e4nning?<\/strong><\/p>\n<p>L\u00e4s g\u00e4rna:<\/p>\n<p>\u201dEn norrl\u00e4ndsk kommuns ekonomiska utveckling 1800-1980\u201d,\u00a0Degerfors\/Vindeln, Sid. 110-123,\u00a0R.Bunte; S. Gaunitz; L-E. Borgeg\u00e5rd<\/p>\n<p>\u201dTj\u00e4rbr\u00e4nning\u201d Fredrik Westman, 2006<\/p>\n<p><a href=\"http:\/\/media.videlundvidstrandsnas.strandaker.se\/2011\/07\/tjara1.jpg\"><img loading=\"lazy\" decoding=\"async\" class=\"alignnone size-full wp-image-93\" title=\"tjara1\" src=\"http:\/\/media.videlundvidstrandsnas.strandaker.se\/2011\/07\/tjara1.jpg\" alt=\"\" width=\"637\" height=\"786\" srcset=\"http:\/\/media.videlundvidstrandsnas.strandaker.se\/2011\/07\/tjara1.jpg 637w, http:\/\/media.videlundvidstrandsnas.strandaker.se\/2011\/07\/tjara1-243x300.jpg 243w\" sizes=\"auto, (max-width: 637px) 100vw, 637px\" \/><\/a><\/p>\n<p>FOTO: VILJO THORNBERG, V\u00e4sterbottens Folkblad<\/p>\n<p>&nbsp;<\/p>\n<p>&nbsp;<\/p>\n","protected":false},"excerpt":{"rendered":"<p>Tj\u00e4rdalen byggdes troligen under senare halvan av 1800-talet. Den restaurerades 1920 av Johan Lundstr\u00f6m-Eriksson och var ig\u00e5ng t.o.m 1954.\u00a01992 gjordes en ny restaurering av tj\u00e4rdalen och den minskades ner till ca 1\/5 del av den ursprungliga storleken. Detta arbete utf\u00f6rdes &hellip; <a href=\"https:\/\/videlundvidstrandsnas.strandaker.se\/?page_id=88\">Forts\u00e4tt l\u00e4sa <span class=\"meta-nav\">&rarr;<\/span><\/a><\/p>\n","protected":false},"author":1,"featured_media":0,"parent":0,"menu_order":0,"comment_status":"open","ping_status":"open","template":"","meta":{"footnotes":""},"class_list":["post-88","page","type-page","status-publish","hentry"],"_links":{"self":[{"href":"https:\/\/videlundvidstrandsnas.strandaker.se\/index.php?rest_route=\/wp\/v2\/pages\/88","targetHints":{"allow":["GET"]}}],"collection":[{"href":"https:\/\/videlundvidstrandsnas.strandaker.se\/index.php?rest_route=\/wp\/v2\/pages"}],"about":[{"href":"https:\/\/videlundvidstrandsnas.strandaker.se\/index.php?rest_route=\/wp\/v2\/types\/page"}],"author":[{"embeddable":true,"href":"https:\/\/videlundvidstrandsnas.strandaker.se\/index.php?rest_route=\/wp\/v2\/users\/1"}],"replies":[{"embeddable":true,"href":"https:\/\/videlundvidstrandsnas.strandaker.se\/index.php?rest_route=%2Fwp%2Fv2%2Fcomments&post=88"}],"version-history":[{"count":4,"href":"https:\/\/videlundvidstrandsnas.strandaker.se\/index.php?rest_route=\/wp\/v2\/pages\/88\/revisions"}],"predecessor-version":[{"id":91,"href":"https:\/\/videlundvidstrandsnas.strandaker.se\/index.php?rest_route=\/wp\/v2\/pages\/88\/revisions\/91"}],"wp:attachment":[{"href":"https:\/\/videlundvidstrandsnas.strandaker.se\/index.php?rest_route=%2Fwp%2Fv2%2Fmedia&parent=88"}],"curies":[{"name":"wp","href":"https:\/\/api.w.org\/{rel}","templated":true}]}}